{"id":2789,"date":"2018-06-08T23:16:49","date_gmt":"2018-06-08T20:16:49","guid":{"rendered":"http:\/\/cizgiromanokulu.com\/cr\/?page_id=2789"},"modified":"2022-01-07T21:17:55","modified_gmt":"2022-01-07T18:17:55","slug":"cizgi-roman-okulu-ogrencileri-diyor-ki","status":"publish","type":"page","link":"https:\/\/cizgiromanokulu.org\/cr\/cizgi-roman-okulu-ogrencileri-diyor-ki\/","title":{"rendered":"\u00c7izgi Roman Okulu \u00d6\u011frencileri Diyor Ki"},"content":{"rendered":"<div class=\"wpb-content-wrapper\">\n<div class=\"wp-block-columns is-layout-flex wp-container-core-columns-is-layout-9d6595d7 wp-block-columns-is-layout-flex\">\n<div class=\"wp-block-column is-layout-flow wp-block-column-is-layout-flow\">\n<figure class=\"wp-block-embed is-type-video is-provider-youtube wp-block-embed-youtube wp-embed-aspect-16-9 wp-has-aspect-ratio\"><div class=\"wp-block-embed__wrapper\">\n<iframe loading=\"lazy\" title=\"\u00c7izgi Roman Okulu \u0130stanbul B\u00fcy\u00fck\u015fehir Belediyesi\" width=\"625\" height=\"352\" src=\"https:\/\/www.youtube.com\/embed\/24E-lorJ6Go?feature=oembed\" frameborder=\"0\" allow=\"accelerometer; autoplay; clipboard-write; encrypted-media; gyroscope; picture-in-picture; web-share\" referrerpolicy=\"strict-origin-when-cross-origin\" allowfullscreen><\/iframe>\n<\/div><\/figure>\n<\/div>\n\n\n\n<div class=\"wp-block-column is-layout-flow wp-block-column-is-layout-flow\">\n<figure class=\"wp-block-embed is-type-video is-provider-youtube wp-block-embed-youtube wp-embed-aspect-16-9 wp-has-aspect-ratio\"><div class=\"wp-block-embed__wrapper\">\n<iframe loading=\"lazy\" title=\"\u00c7izgi roman okulu Tuzla \u00f6\u011frenci g\u00f6r\u00fc\u015fleri\" width=\"625\" height=\"352\" src=\"https:\/\/www.youtube.com\/embed\/CcmD7cnSJnE?feature=oembed\" frameborder=\"0\" allow=\"accelerometer; autoplay; clipboard-write; encrypted-media; gyroscope; picture-in-picture; web-share\" referrerpolicy=\"strict-origin-when-cross-origin\" allowfullscreen><\/iframe>\n<\/div><\/figure>\n<\/div>\n<\/div>\n\n\n\n<div class=\"wp-block-columns is-layout-flex wp-container-core-columns-is-layout-9d6595d7 wp-block-columns-is-layout-flex\">\n<div class=\"wp-block-column is-layout-flow wp-block-column-is-layout-flow\">\n<figure class=\"wp-block-embed is-type-video is-provider-youtube wp-block-embed-youtube wp-embed-aspect-16-9 wp-has-aspect-ratio\"><div class=\"wp-block-embed__wrapper\">\n<iframe loading=\"lazy\" title=\"\u00c7izgi Roman Okulu | Veliler ve \u00f6\u011frenciler ne dediler?\" width=\"625\" height=\"352\" src=\"https:\/\/www.youtube.com\/embed\/bvGKnWDMq9c?feature=oembed\" frameborder=\"0\" allow=\"accelerometer; autoplay; clipboard-write; encrypted-media; gyroscope; picture-in-picture; web-share\" referrerpolicy=\"strict-origin-when-cross-origin\" allowfullscreen><\/iframe>\n<\/div><\/figure>\n<\/div>\n\n\n\n<div class=\"wp-block-column is-layout-flow wp-block-column-is-layout-flow\">\n<figure class=\"wp-block-embed is-type-video is-provider-youtube wp-block-embed-youtube wp-embed-aspect-16-9 wp-has-aspect-ratio\"><div class=\"wp-block-embed__wrapper\">\n<iframe loading=\"lazy\" title=\"Fehmi Demirba\u011f \u00c7izgi Roman Okulu Canl\u0131 Yay\u0131n 7 Temmuz 2018\" width=\"625\" height=\"352\" src=\"https:\/\/www.youtube.com\/embed\/TefXHaZ3ulc?feature=oembed\" frameborder=\"0\" allow=\"accelerometer; autoplay; clipboard-write; encrypted-media; gyroscope; picture-in-picture; web-share\" referrerpolicy=\"strict-origin-when-cross-origin\" allowfullscreen><\/iframe>\n<\/div><\/figure>\n<\/div>\n<\/div>\n\n\n<p>Ahmet ve Emir G\u00fcven\u00e7<\/p>\n<p>\u00c7izgi roman okuluna iyi ki ba\u015flam\u0131\u015f\u0131z. Bize \u00e7ok \u015fey katt\u0131. \u0130n\u015fallah devam eder okulumuz. Hocalar\u0131m\u0131zla te\u015fekk\u00fcr ederiz. Severek gidiyoruz. Karde\u015fim ve ben sayg\u0131lar\u0131m\u0131z\u0131 sunar\u0131z.<\/p>\n<p>[vc_empty_space][vc_separator][vc_empty_space][vc_column_text]<br \/><a href=\"https:\/\/cizgiromanokulu.org\/cr\/wp-content\/uploads\/2019\/07\/\u015feref-kurtar\u0131c\u0131.jpeg\"><img loading=\"lazy\" decoding=\"async\" class=\" wp-image-3723 alignleft\" style=\"margin: 0px 50px;\" src=\"https:\/\/cizgiromanokulu.org\/cr\/wp-content\/uploads\/2019\/07\/\u015feref-kurtar\u0131c\u0131-225x300.jpeg\" alt=\"\" width=\"167\" height=\"223\" srcset=\"https:\/\/cizgiromanokulu.org\/cr\/wp-content\/uploads\/2019\/07\/\u015feref-kurtar\u0131c\u0131-225x300.jpeg 225w, https:\/\/cizgiromanokulu.org\/cr\/wp-content\/uploads\/2019\/07\/\u015feref-kurtar\u0131c\u0131-768x1024.jpeg 768w, https:\/\/cizgiromanokulu.org\/cr\/wp-content\/uploads\/2019\/07\/\u015feref-kurtar\u0131c\u0131-624x832.jpeg 624w, https:\/\/cizgiromanokulu.org\/cr\/wp-content\/uploads\/2019\/07\/\u015feref-kurtar\u0131c\u0131.jpeg 1200w\" sizes=\"auto, (max-width: 167px) 100vw, 167px\" \/><\/a>\u015eeref Kurtar\u0131c\u0131<\/p>\n<p>T\u00fcrkiye&#8217;nin ilk ve tek \u00c7izgi Roman Okulunun ilk sergisi iyi bir mekanda ve olduk\u00e7a y\u00fcksek bir kat\u0131l\u0131m ile ger\u00e7ekle\u015fti. P\u0131r\u0131l p\u0131r\u0131l \u00e7ocuklar\u0131m\u0131z\u0131n \u00fcrettiklerine bak\u0131nca duygulanmamak ve gurur duymamak m\u00fcmk\u00fcn de\u011fil. G\u00f6rd\u00fc\u011f\u00fcm bu eserler \u00e7izgi roman \u00fcretiminin ba\u015flad\u0131\u011f\u0131n\u0131n ve daha \u00e7ok geli\u015fece\u011finin i\u015faretleriydi. En \u00e7ok sevindi\u011fim ise ebeveynlerin \u00e7ocuklar\u0131na olan hayranl\u0131klar\u0131yd\u0131. Hatta birer sanat\u00e7\u0131 gibi sayg\u0131 g\u00f6stermeleriydi. \u00d6\u011fretmenleri ile \u00e7ocuklar\u0131n\u0131n samimi ve sayg\u0131l\u0131 ili\u015fkilerine de \u015fa\u015f\u0131rd\u0131klar\u0131n\u0131 farkettim. \u00c7ocuklar\u0131n, &#8220;Bak bunu ben yapt\u0131m, bunlar da benim \u00f6\u011fretmenlerim&#8221; \u015feklindeki gurur, \u00f6zg\u00fcven ve mutluluk ifadelerini g\u00f6r\u00fcnce g\u00f6zlerimiz doluyordu. B\u00f6yle \u00e7i\u00e7eklerin i\u00e7inde olmak da benim i\u00e7in ayr\u0131 bir gurur kayna\u011f\u0131 oldu. Ba\u015fta de\u011ferli \u00f6\u011fretmenlerimize olmak \u00fczere Tuzla Belediyesine ve a\u00e7\u0131l\u0131\u015fa kat\u0131lan Sn.\u00d6zcan&#8217;a, Tuzla Gen\u00e7lik Merkezine, Rumeli K\u00fclt\u00fcr Merkezine ve \u00e7ocuklar\u0131na inanan velilerimize \u00e7ok te\u015fekk\u00fcr ediyorum. De\u011ferli \u00f6\u011fretmenlerimizin eme\u011fine sa\u011fl\u0131k. Daha \u00e7izecek \u00e7ooook konumuz var&#8230;<\/p>\n<p>[vc_empty_space][vc_separator][vc_empty_space][vc_column_text]<\/p>\n<p><a href=\"https:\/\/cizgiromanokulu.org\/cr\/wp-content\/uploads\/2019\/07\/umit-baser-1.jpg\"><img loading=\"lazy\" decoding=\"async\" class=\" wp-image-3722 alignleft\" style=\"margin: 0px 50px;\" src=\"https:\/\/cizgiromanokulu.org\/cr\/wp-content\/uploads\/2019\/07\/umit-baser-1-300x200.jpg\" alt=\"\" width=\"248\" height=\"165\" srcset=\"https:\/\/cizgiromanokulu.org\/cr\/wp-content\/uploads\/2019\/07\/umit-baser-1-300x200.jpg 300w, https:\/\/cizgiromanokulu.org\/cr\/wp-content\/uploads\/2019\/07\/umit-baser-1-600x400.jpg 600w, https:\/\/cizgiromanokulu.org\/cr\/wp-content\/uploads\/2019\/07\/umit-baser-1-768x512.jpg 768w, https:\/\/cizgiromanokulu.org\/cr\/wp-content\/uploads\/2019\/07\/umit-baser-1-1024x682.jpg 1024w, https:\/\/cizgiromanokulu.org\/cr\/wp-content\/uploads\/2019\/07\/umit-baser-1-624x416.jpg 624w, https:\/\/cizgiromanokulu.org\/cr\/wp-content\/uploads\/2019\/07\/umit-baser-1.jpg 1600w\" sizes=\"auto, (max-width: 248px) 100vw, 248px\" \/><\/a>Ba\u015fer Ailesi ad\u0131na \u00dcmit Ba\u015fer<\/p>\n<p>\u00c7ok g\u00fczel dostluklar kurdu\u011fumuz ve de\u011ferli fark\u0131ndal\u0131klar\u0131n olu\u015ftu\u011fu ke\u015fke bitmese dedi\u011fimiz bir s\u00fcre\u00e7ti bizler i\u00e7in \u00c7izgi Roman okulu&#8230; Buna katk\u0131 sa\u011flayan herkese \u015f\u00fckranlar\u0131m\u0131z\u0131 sunuyoruz.<\/p>\n<p>[vc_empty_space][vc_separator][vc_empty_space][vc_column_text]<\/p>\n<p><a href=\"https:\/\/cizgiromanokulu.org\/cr\/wp-content\/uploads\/2019\/07\/SalihSinem-Tanriver.jpeg\"><img loading=\"lazy\" decoding=\"async\" class=\" wp-image-3721 alignleft\" style=\"margin: 0px 50px;\" src=\"https:\/\/cizgiromanokulu.org\/cr\/wp-content\/uploads\/2019\/07\/SalihSinem-Tanriver-225x300.jpeg\" alt=\"\" width=\"160\" height=\"213\" srcset=\"https:\/\/cizgiromanokulu.org\/cr\/wp-content\/uploads\/2019\/07\/SalihSinem-Tanriver-225x300.jpeg 225w, https:\/\/cizgiromanokulu.org\/cr\/wp-content\/uploads\/2019\/07\/SalihSinem-Tanriver-600x800.jpeg 600w, https:\/\/cizgiromanokulu.org\/cr\/wp-content\/uploads\/2019\/07\/SalihSinem-Tanriver-768x1024.jpeg 768w, https:\/\/cizgiromanokulu.org\/cr\/wp-content\/uploads\/2019\/07\/SalihSinem-Tanriver-624x832.jpeg 624w, https:\/\/cizgiromanokulu.org\/cr\/wp-content\/uploads\/2019\/07\/SalihSinem-Tanriver.jpeg 1200w\" sizes=\"auto, (max-width: 160px) 100vw, 160px\" \/><\/a>Saliha Sinem Tanr\u0131ver<\/p>\n<p>Benim a\u00e7\u0131mdan \u00e7izgi roman, g\u00f6rsel sanatlar\u0131n di\u011fer alanlar\u0131na g\u00f6re daha hayat\u0131n i\u00e7inde ve ger\u00e7ek\u00e7i. Bu ba\u011flamda \u00e7izgi roman okulunda yaln\u0131zca teknik bilgi de\u011fil hayat\u0131 da \u00f6\u011freniyoruz ve tabi hayat\u0131 nas\u0131l \u00e7izgilere ve ka\u011f\u0131da aktarabilece\u011fimizi. Kendi ad\u0131ma s\u00f6yleyebilirim ki \u00e7izgi roman okulu insanlarla ili\u015fkilerimi ve ileti\u015fimimi, akademik ba\u015far\u0131m\u0131, sanata olan ilgimi, \u00e7evremde olanlara dikkatimi ve duyarl\u0131l\u0131\u011f\u0131m\u0131 geli\u015ftirdi. Bu yolda bizi her anlamda donan\u0131ml\u0131 ve ba\u015far\u0131l\u0131 gen\u00e7ler yapmak i\u00e7in \u00e7al\u0131\u015fan b\u00fct\u00fcn hocalar\u0131ma te\u015fekk\u00fcr ediyorum.<br \/>[vc_empty_space][vc_separator][vc_empty_space][vc_column_text]<\/p>\n<p><a href=\"https:\/\/cizgiromanokulu.org\/cr\/wp-content\/uploads\/2019\/07\/Asena-COban1.jpg\"><img loading=\"lazy\" decoding=\"async\" class=\" wp-image-3720 alignleft\" style=\"margin: 0px 50px;\" src=\"https:\/\/cizgiromanokulu.org\/cr\/wp-content\/uploads\/2019\/07\/Asena-COban1-173x300.jpg\" alt=\"\" width=\"97\" height=\"168\" srcset=\"https:\/\/cizgiromanokulu.org\/cr\/wp-content\/uploads\/2019\/07\/Asena-COban1-173x300.jpg 173w, https:\/\/cizgiromanokulu.org\/cr\/wp-content\/uploads\/2019\/07\/Asena-COban1-600x1038.jpg 600w, https:\/\/cizgiromanokulu.org\/cr\/wp-content\/uploads\/2019\/07\/Asena-COban1-592x1024.jpg 592w, https:\/\/cizgiromanokulu.org\/cr\/wp-content\/uploads\/2019\/07\/Asena-COban1-624x1080.jpg 624w, https:\/\/cizgiromanokulu.org\/cr\/wp-content\/uploads\/2019\/07\/Asena-COban1.jpg 761w\" sizes=\"auto, (max-width: 97px) 100vw, 97px\" \/><\/a>Asena \u00c7oban<\/p>\n<p>En ba\u015fta hocalar\u0131m\u0131 tan\u0131d\u0131\u011f\u0131m i\u00e7in \u00e7ok mutluyum. \u00c7izgi roman okulunu \u00e7ok sevdim. Bana eme\u011fi ge\u00e7en \u00f6gretmenlerime te\u015fekk\u00fcr ederim<br \/>[vc_empty_space][vc_separator][vc_empty_space][vc_column_text]<\/p>\n<p>\u0130ffet Nur Erdem<\/p>\n<p>Selamun aleykum. \u00c7izgi roman okulu bize ba\u015fka kap\u0131lar\u0131 a\u00e7an kilit noktas\u0131 gibi bir yer. \u00c7izmek insan\u0131 geli\u015ftirir derler. Biz orada neden geli\u015fmemiz gerekti\u011fini, neden \u00e7izmemiz gerekti\u011fini, neyin bizi geli\u015ftirece\u011fini \u00f6\u011frendik. Bu nedenle \u00e7izgi roman okulunun \u00f6\u011frencisi oldu\u011fum i\u00e7in \u00e7ok memnunum. Zira bizim ge\u00e7mi\u015fimizde bizim unuttu\u011fumuz \u015feyleri, daha do\u011frusu bize unutturmak ve yanl\u0131\u015f bir \u015fekilde tekrar hat\u0131rlat\u0131lmak istenilen \u015feyleri do\u011fru bir bi\u00e7imde tekrar \u00f6\u011frettiler.<\/p>\n<p>Ya\u015famak i\u00e7in, ya\u015famdan zevk almak i\u00e7in insan\u0131n bir amac\u0131 olmal\u0131d\u0131r. Ancak maalesef ki biz gen\u00e7lerin \u015fuan bir amac\u0131 yok. De\u011fil gen\u00e7lerin \u015fimdi hayal d\u00fcnyas\u0131nda gezmesi gereken \u00e7ocuklar\u0131n bile bir hayali, amac\u0131 yokken \u00e7izgi roman okulu bunu olu\u015fturmak, bir hayal ve o hayal do\u011frultusunda bir ama\u00e7 bah\u015fetmek i\u00e7in elinden geleni yap\u0131yor. Bu y\u00fczden \u00e7ok de\u011ferli hocalar\u0131ma ve hocalar\u0131ma bu bilgileri bize \u00f6\u011fretmesi i\u00e7in yard\u0131mc\u0131 olan herkese minnettar\u0131m.<\/p>\n<p>[vc_empty_space][vc_separator][vc_empty_space][vc_column_text]<\/p>\n<p>Rana Kelluko\u011flu<\/p>\n<p>\u00c7izgi Roman okuluna gitmeden \u00f6nceki d\u00fc\u015f\u00fcncelerimle sonraki d\u00fc\u015f\u00fcncelerim aras\u0131nda \u00e7ok fark var. Ben daha monoton sadece \u00e7izim yapt\u0131\u011f\u0131m\u0131z bir ortam beklerken \u00e7ok s\u0131cak bir ortamla kar\u015f\u0131la\u015ft\u0131m. B\u00fct\u00fcn hocalar cana yak\u0131n ve yard\u0131msever. Ayr\u0131ca s\u00fcre\u00e7 i\u00e7erisinde \u00e7ok kez fikirlerimizi beyan etmemiz konusunda bizi iyi manada zorlad\u0131lar desem yalan olmaz. Ben \u00e7ok memnun kald\u0131m ve \u00e7izim konusunda da geli\u015fti\u011fimi ve \u00f6zg\u00fcvenimin artt\u0131\u011f\u0131n\u0131 d\u00fc\u015f\u00fcn\u00fcyorum.<\/p>\n<p>[vc_empty_space][vc_separator][vc_empty_space][vc_column_text]<\/p>\n<p><a href=\"https:\/\/cizgiromanokulu.org\/cr\/wp-content\/uploads\/2019\/07\/umit-baser.jpg\"><img loading=\"lazy\" decoding=\"async\" class=\"size-medium wp-image-3718 alignleft\" style=\"margin: 0px 50px;\" src=\"https:\/\/cizgiromanokulu.org\/cr\/wp-content\/uploads\/2019\/07\/umit-baser-300x200.jpg\" alt=\"\" width=\"300\" height=\"200\" srcset=\"https:\/\/cizgiromanokulu.org\/cr\/wp-content\/uploads\/2019\/07\/umit-baser-300x200.jpg 300w, https:\/\/cizgiromanokulu.org\/cr\/wp-content\/uploads\/2019\/07\/umit-baser-600x400.jpg 600w, https:\/\/cizgiromanokulu.org\/cr\/wp-content\/uploads\/2019\/07\/umit-baser-768x512.jpg 768w, https:\/\/cizgiromanokulu.org\/cr\/wp-content\/uploads\/2019\/07\/umit-baser-1024x682.jpg 1024w, https:\/\/cizgiromanokulu.org\/cr\/wp-content\/uploads\/2019\/07\/umit-baser-624x416.jpg 624w, https:\/\/cizgiromanokulu.org\/cr\/wp-content\/uploads\/2019\/07\/umit-baser.jpg 1600w\" sizes=\"auto, (max-width: 300px) 100vw, 300px\" \/><\/a>Elif Dila -Z\u00fclfiye Onat<\/p>\n<p>Her \u015feyden \u00f6nce beklentilerin \u00f6tesinde ger\u00e7ek bir aile ortam\u0131 sunan,\u00e7izgi roman\u0131n \u00f6tesinde \u00e7ocuklar\u0131 ve aileleri besleyen farkl\u0131 etkinliklerin yap\u0131ld\u0131\u011f\u0131, payla\u015fman\u0131n \u00f6nemine s\u00fcrekli vurgu yap\u0131lan ve \u00e7ocuklara bunu a\u015f\u0131layan, \u00f6zellikle \u00f6zg\u00fcven ya da ileti\u015fim s\u0131k\u0131nt\u0131s\u0131 olan \u00e7ocuklar\u0131n bu ortamda k\u0131sa s\u00fcrede olumlu anlamda de\u011fi\u015fti\u011fi, Fehmi hoca ba\u015fta olmak \u00fczere, Nedim, Suat ve Ahmet hocalar\u0131n da bire bir s\u00fcrekli ileti\u015fimi esas ald\u0131\u011f\u0131 benzersiz bir \u00e7al\u0131\u015fma. Te\u015fekk\u00fcr ediyoruz.<\/p>\n<p>[vc_empty_space][vc_separator][vc_empty_space][vc_column_text]<\/p>\n<p><a href=\"https:\/\/cizgiromanokulu.org\/cr\/wp-content\/uploads\/2019\/07\/meltem-t\u00fcrkmen-k\u00fc\u00e7\u00fck.jpg\"><img loading=\"lazy\" decoding=\"async\" class=\"size-medium wp-image-3717 alignleft\" style=\"margin: 0px 50px;\" src=\"https:\/\/cizgiromanokulu.org\/cr\/wp-content\/uploads\/2019\/07\/meltem-t\u00fcrkmen-k\u00fc\u00e7\u00fck-169x300.jpg\" alt=\"\" width=\"169\" height=\"300\" srcset=\"https:\/\/cizgiromanokulu.org\/cr\/wp-content\/uploads\/2019\/07\/meltem-t\u00fcrkmen-k\u00fc\u00e7\u00fck-169x300.jpg 169w, https:\/\/cizgiromanokulu.org\/cr\/wp-content\/uploads\/2019\/07\/meltem-t\u00fcrkmen-k\u00fc\u00e7\u00fck-768x1365.jpg 768w, https:\/\/cizgiromanokulu.org\/cr\/wp-content\/uploads\/2019\/07\/meltem-t\u00fcrkmen-k\u00fc\u00e7\u00fck-576x1024.jpg 576w, https:\/\/cizgiromanokulu.org\/cr\/wp-content\/uploads\/2019\/07\/meltem-t\u00fcrkmen-k\u00fc\u00e7\u00fck-624x1109.jpg 624w, https:\/\/cizgiromanokulu.org\/cr\/wp-content\/uploads\/2019\/07\/meltem-t\u00fcrkmen-k\u00fc\u00e7\u00fck.jpg 900w\" sizes=\"auto, (max-width: 169px) 100vw, 169px\" \/><\/a><\/p>\n<p>Meltem T. K. End\u00fcstri M\u00fchendisi &#8211; \u00c7ocuk Geli\u015fimi 3. S\u0131n\u0131f \u00d6\u011frencisi<\/p>\n<p>Okumay\u0131 her zaman \u00e7ok sevmi\u015fimdir. Bir g\u00fcn ben de yazabilir miyim diye d\u00fc\u015f\u00fcnmem ise k\u0131z\u0131m\u0131n ve \u00e7ocuk kitaplar\u0131n\u0131n hayat\u0131ma girmesiyle ba\u015flad\u0131 diyebilirim. K\u0131z\u0131m kitaplarla birlikte b\u00fcy\u00fcyor. \u00c7ocuk kitaplar\u0131n\u0131 onun i\u00e7in al\u0131yorum ama \u00f6nce kendim okuyorum \ud83d\ude42<\/p>\n<p>Bir g\u00fcn bende yaz\u0131p \u00e7izebilir miyim diye d\u00fc\u015f\u00fcnmeye ba\u015flam\u0131\u015ft\u0131m. Bir g\u00fcn bir \u00e7ocuk tiyatrosu \u00e7\u0131k\u0131\u015f\u0131 \u0130BB \u00c7izgi Roman okulunun ilan\u0131n\u0131 g\u00f6rd\u00fcm ve hemen ba\u015fvurdum.<\/p>\n<p>\u0130lk g\u00fcn \u00e7ok heyecanl\u0131yd\u0131m en son lisede resim dersinde \u00e7izmi\u015ftim. Tekrar yapabilece\u011fimden ise hi\u00e7 emin de\u011fildim.<\/p>\n<p>Hocalar\u0131m\u0131z\u0131n b\u00fcy\u00fck deste\u011fi ile daha \u00f6nce denemekten bile korkan ben f\u0131kra ve hikaye yazd\u0131m ve hatta \u00e7izgi roman \u00e7izdim.<\/p>\n<p>\u00c7ocuklar k\u00fc\u00e7\u00fckken sahip olduklar\u0131 sanata yatk\u0131nl\u0131\u011f\u0131 e\u011fitim hayat\u0131n\u0131n tekd\u00fczeli\u011fi nedeniyle maalesef \u00e7o\u011fu zaman kaybediyorlar.<\/p>\n<p>Ben \u00e7ocuklu\u011fuma \u00f6nce k\u0131z\u0131m sonra da \u00c7izgi Roman Okulu sayesinde tekrar geri d\u00f6nd\u00fcm. \u00c7izerken kendini bulmak ve \u00fcretkenli\u011fin verdi\u011fi mutluluk i\u015fte \u015fimdilerde bunlarla birlikteyim.<\/p>\n<p>Yay\u0131nda ve yap\u0131mda eme\u011fi ge\u00e7en herkese te\u015fekk\u00fcr ederim \ud83d\ude42<\/p>\n<p>[vc_empty_space][vc_separator][vc_empty_space][vc_column_text]<\/p>\n<p>Ay\u015fe Hilal Erdem<\/p>\n<p><a href=\"https:\/\/cizgiromanokulu.org\/cr\/wp-content\/uploads\/2019\/05\/ayse1.jpeg\"><img loading=\"lazy\" decoding=\"async\" class=\"alignnone size-medium wp-image-3585\" style=\"margin: 0px 50px;\" src=\"https:\/\/cizgiromanokulu.org\/cr\/wp-content\/uploads\/2019\/05\/ayse1-169x300.jpeg\" alt=\"\" width=\"169\" height=\"300\" srcset=\"https:\/\/cizgiromanokulu.org\/cr\/wp-content\/uploads\/2019\/05\/ayse1-169x300.jpeg 169w, https:\/\/cizgiromanokulu.org\/cr\/wp-content\/uploads\/2019\/05\/ayse1-600x1068.jpeg 600w, https:\/\/cizgiromanokulu.org\/cr\/wp-content\/uploads\/2019\/05\/ayse1-768x1367.jpeg 768w, https:\/\/cizgiromanokulu.org\/cr\/wp-content\/uploads\/2019\/05\/ayse1-575x1024.jpeg 575w, https:\/\/cizgiromanokulu.org\/cr\/wp-content\/uploads\/2019\/05\/ayse1-624x1111.jpeg 624w, https:\/\/cizgiromanokulu.org\/cr\/wp-content\/uploads\/2019\/05\/ayse1.jpeg 899w\" sizes=\"auto, (max-width: 169px) 100vw, 169px\" \/> <\/a><a href=\"https:\/\/cizgiromanokulu.org\/cr\/wp-content\/uploads\/2019\/05\/ayse2.jpeg\"><img loading=\"lazy\" decoding=\"async\" class=\"alignnone wp-image-3586\" src=\"https:\/\/cizgiromanokulu.org\/cr\/wp-content\/uploads\/2019\/05\/ayse2-575x1024.jpeg\" alt=\"\" width=\"144\" height=\"257\" srcset=\"https:\/\/cizgiromanokulu.org\/cr\/wp-content\/uploads\/2019\/05\/ayse2-575x1024.jpeg 575w, https:\/\/cizgiromanokulu.org\/cr\/wp-content\/uploads\/2019\/05\/ayse2-600x1068.jpeg 600w, https:\/\/cizgiromanokulu.org\/cr\/wp-content\/uploads\/2019\/05\/ayse2-169x300.jpeg 169w, https:\/\/cizgiromanokulu.org\/cr\/wp-content\/uploads\/2019\/05\/ayse2-768x1367.jpeg 768w, https:\/\/cizgiromanokulu.org\/cr\/wp-content\/uploads\/2019\/05\/ayse2-624x1111.jpeg 624w, https:\/\/cizgiromanokulu.org\/cr\/wp-content\/uploads\/2019\/05\/ayse2.jpeg 899w\" sizes=\"auto, (max-width: 144px) 100vw, 144px\" \/><\/a><\/p>\n<p>\u00a0<\/p>\n<p>[vc_column][vc_empty_space][vc_separator][vc_empty_space]<br \/>[vc_row][vc_column][vc_column_text]<a href=\"https:\/\/cizgiromanokulu.org\/cr\/wp-content\/uploads\/2019\/05\/eli-dila-onat.jpeg\"><img loading=\"lazy\" decoding=\"async\" class=\"size-thumbnail wp-image-3584 alignleft\" style=\"margin: 0px 50px;\" src=\"https:\/\/cizgiromanokulu.org\/cr\/wp-content\/uploads\/2019\/05\/eli-dila-onat-150x150.jpeg\" alt=\"\" width=\"150\" height=\"150\" srcset=\"https:\/\/cizgiromanokulu.org\/cr\/wp-content\/uploads\/2019\/05\/eli-dila-onat-150x150.jpeg 150w, https:\/\/cizgiromanokulu.org\/cr\/wp-content\/uploads\/2019\/05\/eli-dila-onat-300x300.jpeg 300w, https:\/\/cizgiromanokulu.org\/cr\/wp-content\/uploads\/2019\/05\/eli-dila-onat-100x100.jpeg 100w, https:\/\/cizgiromanokulu.org\/cr\/wp-content\/uploads\/2019\/05\/eli-dila-onat-50x50.jpeg 50w\" sizes=\"auto, (max-width: 150px) 100vw, 150px\" \/><\/a><\/p>\n<p>Elif Dila Onat<\/p>\n<p>Ben Elif Dila Onat .\u00c7izgi Roman Okulunu ve t\u00fcm hocalar\u0131m\u0131 \u00e7ok sevdim. Fehmi Hoca, Nedim Hoca, Ahmet Hoca, Suat Hoca bizimle \u00e7ok ilgilendiler. \u00c7izgi roman d\u0131\u015f\u0131ndaki \u00e7izgi anlatma, kukla oynatma, arada \u015fark\u0131 \u015fiir okuma gibi etkinlikler \u00e7ok g\u00fczeldi. Ailelerin de kursa gelmesi, hep birlikte yemek yemek kendimi evimde hissettirdi. Her\u015fey i\u00e7in \u00e7ok te\u015fekk\u00fcr ediyorum. Sizi \u00e7ok seviyorum.<\/p>\n<p>[vc_column][vc_empty_space][vc_separator][vc_empty_space]<br \/>[vc_row][vc_column][vc_column_text]<a href=\"https:\/\/cizgiromanokulu.org\/cr\/wp-content\/uploads\/2019\/05\/cemile-.jpeg\"><img loading=\"lazy\" decoding=\"async\" class=\" wp-image-3582 alignleft\" style=\"margin: 0px 50px;\" src=\"https:\/\/cizgiromanokulu.org\/cr\/wp-content\/uploads\/2019\/05\/cemile--497x1024.jpeg\" alt=\"\" width=\"92\" height=\"189\" srcset=\"https:\/\/cizgiromanokulu.org\/cr\/wp-content\/uploads\/2019\/05\/cemile--497x1024.jpeg 497w, https:\/\/cizgiromanokulu.org\/cr\/wp-content\/uploads\/2019\/05\/cemile--600x1236.jpeg 600w, https:\/\/cizgiromanokulu.org\/cr\/wp-content\/uploads\/2019\/05\/cemile--146x300.jpeg 146w, https:\/\/cizgiromanokulu.org\/cr\/wp-content\/uploads\/2019\/05\/cemile--768x1581.jpeg 768w, https:\/\/cizgiromanokulu.org\/cr\/wp-content\/uploads\/2019\/05\/cemile--624x1285.jpeg 624w, https:\/\/cizgiromanokulu.org\/cr\/wp-content\/uploads\/2019\/05\/cemile-.jpeg 777w\" sizes=\"auto, (max-width: 92px) 100vw, 92px\" \/><\/a><\/p>\n<p>Cemile Ay\u00e7a Karag\u00fcl<\/p>\n<p>Bilgi evindeki \u00f6\u011fretmenlerimin tavsiyesiyle ba\u015flad\u0131\u011f\u0131m bu kursta bir\u00e7ok resim tekni\u011fi \u00f6\u011frendim. Aran\u0131zda olmaktan mutluyum.<\/p>\n<p>\u00a0<\/p>\n<p>\u00a0<\/p>\n<p>[vc_column][vc_empty_space][vc_separator][vc_empty_space]<br \/>[vc_row][vc_column][vc_column_text]<a href=\"https:\/\/cizgiromanokulu.org\/cr\/wp-content\/uploads\/2019\/07\/er11.jpg\"><img loading=\"lazy\" decoding=\"async\" class=\"wp-image-2769 alignleft\" style=\"margin: 0px 50px;\" src=\"https:\/\/cizgiromanokulu.org\/cr\/wp-content\/uploads\/2019\/07\/er11.jpg\" alt=\"\" width=\"143\" height=\"189\" \/><\/a>Eray<\/p>\n<p>E\u011fer siz de t\u00fcm d\u00fcnyada tan\u0131nan ve sevilen kahramanlar\u0131n neden sadece tek bir co\u011frafya egemenli\u011finde oldu\u011funu merak ediyorsan\u0131z ve bize ait bizden izler ta\u015f\u0131yan, tan\u0131d\u0131\u011f\u0131m\u0131z bildi\u011fimiz yerlerde yer alan ser\u00fcvenlerin azl\u0131\u011f\u0131ndan ya da yoklu\u011fundan \u015fik\u00e2yet\u00e7iyseniz bunu de\u011fi\u015ftirebilmek i\u00e7in do\u011fru yerdesiniz. D\u00fc\u015f\u00fcncelerini yazarak ya da \u00e7izerek ifade edenlerin ortak bir paydada bulu\u015ftu\u011fu bu olu\u015fum gerek kurulu\u015f ama\u00e7lar\u0131ndan biri olan tamam\u0131yla yerli ve milli kahramanlar olu\u015fturmak gerekse uzun vadedeki yenilik\u00e7i ve ileri g\u00f6r\u00fc\u015fl\u00fc vizyonuyla bir\u00e7ok ilke imzas\u0131n\u0131 atacakt\u0131r. Derslerin s\u00fcresinin d\u00f6rt saati buldu\u011funu ve bu s\u00fcre i\u00e7inde de hi\u00e7 ara verilmedi\u011fini s\u00f6ylesem belki inanmakta g\u00fc\u00e7l\u00fck \u00e7ekebilirsiniz ancak olduk\u00e7a ak\u0131c\u0131 ilerleyen tempo ve \u00f6\u011fretmenlerin dinamik anlat\u0131m\u0131yla gerek sohbet, gerek soru cevap k\u0131s\u0131mlar\u0131yla bir o kadar daha s\u00fcrse sizi s\u0131kmayacak rahat keyifli bir ortam olu\u015fturmay\u0131 ba\u015fard\u0131k. Belediyenin malzeme ve yeme i\u00e7me gibi konularda g\u00f6sterdi\u011fi hassasiyeti ve deste\u011fini de belirtmek gerek. S\u0131n\u0131f\u0131m\u0131zdaki \u00e7izgi roman k\u00fct\u00fcphanesiyse her zevke hitap eden geni\u015f se\u00e7kisiyle her zaman yeni maceralar isteyenlerin hizmetinde. Belki de ge\u00e7 bile kalm\u0131\u015f bu hamle i\u00e7in Sancaktepe Belediye Ba\u015fkan\u0131 Say\u0131n \u0130smail Erdem ve ba\u015fta Say\u0131n Fehmi Demirba\u011f olmak \u00fczere t\u00fcm de\u011ferli \u00f6\u011fretmenlere ve bu harekete emek ve g\u00f6n\u00fcl veren herkese te\u015fekk\u00fcr ediyor, okulumuzdan \u00e7\u0131kan yeni i\u015fleri ka\u00e7\u0131rmamak, merak ettikleriniz ve destekleriniz i\u00e7in sizi sosyal medya hesaplar\u0131m\u0131z\u0131 takip etmeye davet ediyorum.[\/vc_column_text][vc_empty_space][vc_separator][\/vc_column][\/vc_row][vc_row][vc_column][vc_empty_space] [vc_column_text]<a href=\"https:\/\/cizgiromanokulu.org\/cr\/wp-content\/uploads\/2018\/06\/semanur-bak\u0131r-copy.jpg\"><img loading=\"lazy\" decoding=\"async\" class=\"wp-image-2793 alignleft\" style=\"margin: 0px 50px;\" src=\"https:\/\/cizgiromanokulu.org\/cr\/wp-content\/uploads\/2018\/06\/semanur-bak\u0131r-copy-257x300.jpg\" alt=\"\" width=\"178\" height=\"208\" srcset=\"https:\/\/cizgiromanokulu.org\/cr\/wp-content\/uploads\/2018\/06\/semanur-bak\u0131r-copy-257x300.jpg 257w, https:\/\/cizgiromanokulu.org\/cr\/wp-content\/uploads\/2018\/06\/semanur-bak\u0131r-copy-768x896.jpg 768w, https:\/\/cizgiromanokulu.org\/cr\/wp-content\/uploads\/2018\/06\/semanur-bak\u0131r-copy-878x1024.jpg 878w, https:\/\/cizgiromanokulu.org\/cr\/wp-content\/uploads\/2018\/06\/semanur-bak\u0131r-copy-624x728.jpg 624w, https:\/\/cizgiromanokulu.org\/cr\/wp-content\/uploads\/2018\/06\/semanur-bak\u0131r-copy.jpg 897w\" sizes=\"auto, (max-width: 178px) 100vw, 178px\" \/><\/a> Semanur Bak\u0131r<\/p>\n<p>\u00c7izgi roman okulunun sevdi\u011fim y\u00f6n\u00fc hocalar ve \u00f6\u011frenciler aras\u0131ndaki samimiyet ve hocalar\u0131n bizlere g\u00f6sterdi\u011fi ilgi oldu. Herkesin bir \u015feyler ba\u015farmak i\u00e7in \u00e7abal\u0131yor olmas\u0131, yapt\u0131\u011f\u0131m i\u015fe daha \u00e7ok ba\u011flanmam\u0131 sa\u011flad\u0131. Ayr\u0131ca \u00e7izgi roman okulunun \u00fclkemizde \u00e7izgi roman k\u00fclt\u00fcr\u00fcn\u00fcn olu\u015fmas\u0131 i\u00e7in olduk\u00e7a \u00f6nemli oldu\u011funu d\u00fc\u015f\u00fcn\u00fcyorum.<\/p>\n<p>\u00dcmraniye Lisesi 11-D s\u0131n\u0131f\u0131<br \/>P1 s\u0131n\u0131f\u0131[\/vc_column_text][vc_empty_space][vc_separator][vc_empty_space][vc_column_text]<a href=\"https:\/\/cizgiromanokulu.org\/cr\/wp-content\/uploads\/2018\/06\/hande.jpg\"><img loading=\"lazy\" decoding=\"async\" class=\"alignleft wp-image-3129\" style=\"margin: 0px 50px;\" src=\"https:\/\/cizgiromanokulu.org\/cr\/wp-content\/uploads\/2018\/06\/hande-243x300.jpg\" alt=\"\" width=\"191\" height=\"236\" srcset=\"https:\/\/cizgiromanokulu.org\/cr\/wp-content\/uploads\/2018\/06\/hande-243x300.jpg 243w, https:\/\/cizgiromanokulu.org\/cr\/wp-content\/uploads\/2018\/06\/hande.jpg 535w\" sizes=\"auto, (max-width: 191px) 100vw, 191px\" \/><\/a>Hande \u00dcn<\/p>\n<p>\u00c7izgi roman okulumuz benim i\u00e7in bir hayaldi sadece. \u00c7ocuklu\u011fumdan beri hayalini kurdu\u011fum \u015feyi yapmama f\u0131rsat veren \u00e7izgi roman okulum ve hocalar\u0131m bir harika. Bu y\u00fczden ger\u00e7ekten \u00e7ok mutluyum. Liseden mezun oldum. Eski\u015fehir Anadolu \u00dcniversitesine gitmek istiyorum. Bunun i\u00e7in de ayr\u0131 bir haz\u0131rl\u0131k yapmaktay\u0131m. \u00c7izgi film ve animasyon b\u00f6l\u00fcm\u00fc istiyorum tek hedefim bu.<\/p>\n<p>(P-2 s\u0131n\u0131f\u0131ndan)[\/vc_column_text][vc_empty_space][vc_separator][vc_empty_space][vc_column_text]Furkan Alemdar<\/p>\n<p>Okula ba\u015flamadan \u00f6nce kendime g\u00fcvenim hi\u00e7 yoktu. Daha do\u011frusu tedirgindim, korkuyordum. Ama okula ba\u015flad\u0131\u011f\u0131m andan itibaren kendimde daha \u00e7ok \u00f6zg\u00fcven hissettim. Hocalar\u0131m\u0131 ve okulumu tan\u0131d\u0131ktan sonra \u00e7ok sevdim. Bende yetenek oldu\u011funu hocalar\u0131m sayesinde \u00f6\u011frenmi\u015f oldum. Okulumu \u00e7ok seviyorum. Bu okulun bana getirisi \u00e7ok oldu. Okulda yapm\u0131\u015f oldu\u011fum \u00e7al\u0131\u015fmalar ve hocalar\u0131m\u0131n bana verdi\u011fi destek, \u00f6zg\u00fcven ve sevgi ile kendime olan g\u00fcvenim daha \u00e7ok peki\u015fti. \u0130yi ki \u00c7izgi Roman Okuluna gelmi\u015fim. \u0130yi ki bu hocalar\u0131m\u0131 taninmi\u015fim. Ne mutlu ki \u00c7izgi roman okulu var. Elimden geldi\u011fi kadar kendimi geli\u015ftirmek i\u00e7in okula devam edece\u011fim. Arkada\u015flar\u0131m\u0131 ve hocalar\u0131m\u0131 \u00e7ok seviyorum[\/vc_column_text][vc_empty_space][vc_separator][vc_empty_space][vc_column_text]Merve Gedik (16)<\/p>\n<p>Sultanbeyli T\u00fcrk Telekom \u015eehit Murat Naibo\u011flu Anadolu Lisesi<\/p>\n<p>\u00c7izgi Roman Okulu\u2019nun bir par\u00e7as\u0131 oldu\u011fum i\u00e7in \u00e7ok mutluyum. \u00dclkemiz, tarihimiz ve gen\u00e7li\u011fimiz i\u00e7in \u00e7ok iyi<br \/>i\u015fler yapaca\u011f\u0131m\u0131za inan\u0131yorum. Burada \u00e7ok farkl\u0131 bir atmosfer var. Biz kocaman bir aile olduk ve \u00fclkemiz i\u00e7in sadece \u00e7izmiyoruz ayn\u0131 zamanda yaz\u0131yoruz da. Burada bulundu\u011fum i\u00e7in kendimi \u00e7ok \u015fansl\u0131 hissediyorum. Bu projede eme\u011fi ge\u00e7en b\u00fct\u00fcn hocalar\u0131ma te\u015fekk\u00fcr ediyorum.[\/vc_column_text][vc_empty_space][vc_separator][vc_empty_space][vc_column_text]Fatih Tonk<\/p>\n<p>\u00c7izgi roman okulu harika bir yer. Buraya ilk geldi\u011fimde \u00e7ok iyi resim \u00e7izemiyordum. Ama sonraki g\u00fcnlerde daha iyi \u00e7izmeye ba\u015flad\u0131m. Hocalar\u0131m\u0131z bizimle en iyi \u015fekilde ilgileniyorlar. \u00c7izgi roman okuluna iyi ki gelmi\u015fim.[\/vc_column_text][vc_empty_space][vc_separator][vc_empty_space][vc_column_text]<a href=\"https:\/\/cizgiromanokulu.org\/cr\/wp-content\/uploads\/2018\/06\/gulsima-sevinc.jpg\"><img loading=\"lazy\" decoding=\"async\" class=\" wp-image-3108 alignleft\" style=\"margin: 0px 50px;\" src=\"https:\/\/cizgiromanokulu.org\/cr\/wp-content\/uploads\/2018\/06\/gulsima-sevinc-264x300.jpg\" alt=\"\" width=\"191\" height=\"217\" srcset=\"https:\/\/cizgiromanokulu.org\/cr\/wp-content\/uploads\/2018\/06\/gulsima-sevinc-264x300.jpg 264w, https:\/\/cizgiromanokulu.org\/cr\/wp-content\/uploads\/2018\/06\/gulsima-sevinc-600x683.jpg 600w, https:\/\/cizgiromanokulu.org\/cr\/wp-content\/uploads\/2018\/06\/gulsima-sevinc-768x874.jpg 768w, https:\/\/cizgiromanokulu.org\/cr\/wp-content\/uploads\/2018\/06\/gulsima-sevinc-899x1024.jpg 899w, https:\/\/cizgiromanokulu.org\/cr\/wp-content\/uploads\/2018\/06\/gulsima-sevinc-624x710.jpg 624w\" sizes=\"auto, (max-width: 191px) 100vw, 191px\" \/><\/a>G\u00fclsima Sevin\u00e7<\/p>\n<p>\u0130stanbul Yeni Y\u00fczy\u0131l \u00dcniversitesi &#8211; T\u00fcrk Dili ve Edebiyat\u0131<\/p>\n<p>\u00dcniversite \u00fc\u00e7\u00fcnc\u00fc s\u0131n\u0131f Edebiyat \u00f6\u011frencisi olarak b\u00f6l\u00fcm\u00fcmle resmi e\u015f de\u011fer tutuyorum. Zihnimde olu\u015fturdu\u011fum \u00f6yk\u00fc veya karakterleri yaz\u0131n\u0131n d\u0131\u015f\u0131nda \u00e7izgiye de d\u00f6n\u00fc\u015ft\u00fcrmek i\u00e7in \u00c7izgi Roman okuluna ba\u015fvurdum. \u00c7izgi Roman okulunun a\u00e7\u0131lmas\u0131 beni \u00e7ok mutlu etti. Ders g\u00fcnlerini iple \u00e7ekiyorum ve eme\u011fi ge\u00e7en herkese te\u015fekk\u00fcr ediyorum. \u0130\u00e7imdeki \u00e7izim g\u00fcc\u00fcn\u00fc ke\u015ffetmi\u015f oldum.J[\/vc_column_text][vc_empty_space][vc_separator][vc_empty_space][vc_column_text]Melih \u00d6zer (9)<\/p>\n<p>Belediyemizin bizlere sa\u011flam\u0131\u015f oldu\u011fu bu projeyi \u00e7ok sevdim. Burada olmaktan da \u00e7ok mutluyum. Bu okulun bana katt\u0131\u011f\u0131 \u00e7ok \u015fey oldu\u011funa inan\u0131yorum. Hocalar\u0131m\u0131z \u00e7ok destek veriyorlar. Gelecekte iyi yerlere gelece\u011fime inan\u0131yorum. T\u00fcm arkada\u015flar\u0131m\u0131 okula davet ediyorum.[\/vc_column_text][vc_empty_space][vc_separator][vc_empty_space][vc_column_text]Emine Ek\u015fi Meral<br \/>Sabanc\u0131 Moda Tasarim mezunu<br \/>\u0130stanbul \u00dcniversitesi Gazetecilik lisans \u00d6\u011fencisi<\/p>\n<p>Kendini hakir g\u00f6rmeye \u015fartland\u0131r\u0131lmak istenmi\u015f, her filizlendi\u011fi daldan balta yemi\u015f nesiller d\u00fcn ak\u015famda kald\u0131. Art\u0131k g\u00fcne\u015f \u00f6zg\u00fcvenli, tarihiyle bar\u0131\u015f\u0131k ve k\u00fclt\u00fcr\u00fcn\u00fcn k\u0131ymetini bilen sabahlara do\u011fuyor.<br \/>K\u00fclt\u00fcr emperyalizminin maskelenmi\u015f hali yabanc\u0131 \u00e7izgi kahramanlar ise; T\u00fcrkiye\u2019nin en usta \u00e7izer ve senaristlerinden olu\u015fan g\u00f6n\u00fcll\u00fc e\u011fitim tak\u0131m\u0131n\u0131n, milletin inci tanelerini bu s\u00f6m\u00fcr\u00fcden kurtarmak niyetiyle bir seher vakti a\u00e7t\u0131klar\u0131 bayra\u011f\u0131n ad\u0131 \u00c7\u0130ZG\u0130 ROMAN OKULU\u2019dur.[\/vc_column_text][vc_empty_space][vc_separator][vc_empty_space][vc_column_text]<a href=\"https:\/\/cizgiromanokulu.org\/cr\/wp-content\/uploads\/2018\/06\/seyma-gulec-copy.jpg\"><img loading=\"lazy\" decoding=\"async\" class=\"wp-image-2792 size-medium alignleft\" style=\"margin: 0px 50px;\" src=\"https:\/\/cizgiromanokulu.org\/cr\/wp-content\/uploads\/2018\/06\/seyma-gulec-copy-169x300.jpg\" alt=\"\" width=\"169\" height=\"300\" srcset=\"https:\/\/cizgiromanokulu.org\/cr\/wp-content\/uploads\/2018\/06\/seyma-gulec-copy-169x300.jpg 169w, https:\/\/cizgiromanokulu.org\/cr\/wp-content\/uploads\/2018\/06\/seyma-gulec-copy-600x1067.jpg 600w, https:\/\/cizgiromanokulu.org\/cr\/wp-content\/uploads\/2018\/06\/seyma-gulec-copy-768x1365.jpg 768w, https:\/\/cizgiromanokulu.org\/cr\/wp-content\/uploads\/2018\/06\/seyma-gulec-copy-576x1024.jpg 576w, https:\/\/cizgiromanokulu.org\/cr\/wp-content\/uploads\/2018\/06\/seyma-gulec-copy-624x1109.jpg 624w, https:\/\/cizgiromanokulu.org\/cr\/wp-content\/uploads\/2018\/06\/seyma-gulec-copy.jpg 900w\" sizes=\"auto, (max-width: 169px) 100vw, 169px\" \/><\/a><\/p>\n<p>\u015eeyma G\u00fcle\u00e7<\/p>\n<p>Bu okul, \u00e7izimimi geli\u015ftirmenin yan\u0131nda \u00e7izgi roman\u0131 \u00f6\u011frenerek farkl\u0131 bir hobi e\u015finmemi sa\u011flad\u0131. \u00c7izgi Roman Okulu \u00f6n\u00fcmde ba\u015fka bir yol a\u00e7t\u0131 diyebilirim. Burada yapt\u0131\u011f\u0131m her \u015feyden keyif al\u0131yorum ve burada oldu\u011fum i\u00e7in mutluyum.[\/vc_column_text][vc_empty_space][vc_separator][vc_empty_space][vc_column_text]<a href=\"https:\/\/cizgiromanokulu.org\/cr\/wp-content\/uploads\/2018\/06\/nuray-sensoy.jpg\"><img loading=\"lazy\" decoding=\"async\" class=\"alignnone size-medium wp-image-3109\" src=\"https:\/\/cizgiromanokulu.org\/cr\/wp-content\/uploads\/2018\/06\/nuray-sensoy-190x300.jpg\" alt=\"\" width=\"190\" height=\"300\" srcset=\"https:\/\/cizgiromanokulu.org\/cr\/wp-content\/uploads\/2018\/06\/nuray-sensoy-190x300.jpg 190w, https:\/\/cizgiromanokulu.org\/cr\/wp-content\/uploads\/2018\/06\/nuray-sensoy-600x946.jpg 600w, https:\/\/cizgiromanokulu.org\/cr\/wp-content\/uploads\/2018\/06\/nuray-sensoy-650x1024.jpg 650w, https:\/\/cizgiromanokulu.org\/cr\/wp-content\/uploads\/2018\/06\/nuray-sensoy-624x983.jpg 624w, https:\/\/cizgiromanokulu.org\/cr\/wp-content\/uploads\/2018\/06\/nuray-sensoy.jpg 691w\" sizes=\"auto, (max-width: 190px) 100vw, 190px\" \/> <\/a><a href=\"https:\/\/cizgiromanokulu.org\/cr\/wp-content\/uploads\/2018\/06\/rukiye-bayram.jpg\"><img loading=\"lazy\" decoding=\"async\" class=\"alignnone size-medium wp-image-3110\" src=\"https:\/\/cizgiromanokulu.org\/cr\/wp-content\/uploads\/2018\/06\/rukiye-bayram-189x300.jpg\" alt=\"\" width=\"189\" height=\"300\" srcset=\"https:\/\/cizgiromanokulu.org\/cr\/wp-content\/uploads\/2018\/06\/rukiye-bayram-189x300.jpg 189w, https:\/\/cizgiromanokulu.org\/cr\/wp-content\/uploads\/2018\/06\/rukiye-bayram-600x955.jpg 600w, https:\/\/cizgiromanokulu.org\/cr\/wp-content\/uploads\/2018\/06\/rukiye-bayram-768x1222.jpg 768w, https:\/\/cizgiromanokulu.org\/cr\/wp-content\/uploads\/2018\/06\/rukiye-bayram-644x1024.jpg 644w, https:\/\/cizgiromanokulu.org\/cr\/wp-content\/uploads\/2018\/06\/rukiye-bayram-624x993.jpg 624w, https:\/\/cizgiromanokulu.org\/cr\/wp-content\/uploads\/2018\/06\/rukiye-bayram-scaled.jpg 1609w\" sizes=\"auto, (max-width: 189px) 100vw, 189px\" \/> <\/a><a href=\"https:\/\/cizgiromanokulu.org\/cr\/wp-content\/uploads\/2018\/06\/serife-cebeci.jpg\"><img loading=\"lazy\" decoding=\"async\" class=\"alignnone size-medium wp-image-3111\" src=\"https:\/\/cizgiromanokulu.org\/cr\/wp-content\/uploads\/2018\/06\/serife-cebeci-241x300.jpg\" alt=\"\" width=\"241\" height=\"300\" srcset=\"https:\/\/cizgiromanokulu.org\/cr\/wp-content\/uploads\/2018\/06\/serife-cebeci-241x300.jpg 241w, https:\/\/cizgiromanokulu.org\/cr\/wp-content\/uploads\/2018\/06\/serife-cebeci-600x746.jpg 600w, https:\/\/cizgiromanokulu.org\/cr\/wp-content\/uploads\/2018\/06\/serife-cebeci-768x955.jpg 768w, https:\/\/cizgiromanokulu.org\/cr\/wp-content\/uploads\/2018\/06\/serife-cebeci-823x1024.jpg 823w, https:\/\/cizgiromanokulu.org\/cr\/wp-content\/uploads\/2018\/06\/serife-cebeci-624x776.jpg 624w\" sizes=\"auto, (max-width: 241px) 100vw, 241px\" \/> <\/a><a href=\"https:\/\/cizgiromanokulu.org\/cr\/wp-content\/uploads\/2018\/06\/zumra-sude-alemdar.jpg\"><img loading=\"lazy\" decoding=\"async\" class=\"alignnone size-medium wp-image-3112\" src=\"https:\/\/cizgiromanokulu.org\/cr\/wp-content\/uploads\/2018\/06\/zumra-sude-alemdar-234x300.jpg\" alt=\"\" width=\"234\" height=\"300\" srcset=\"https:\/\/cizgiromanokulu.org\/cr\/wp-content\/uploads\/2018\/06\/zumra-sude-alemdar-234x300.jpg 234w, https:\/\/cizgiromanokulu.org\/cr\/wp-content\/uploads\/2018\/06\/zumra-sude-alemdar-600x768.jpg 600w, https:\/\/cizgiromanokulu.org\/cr\/wp-content\/uploads\/2018\/06\/zumra-sude-alemdar-768x983.jpg 768w, https:\/\/cizgiromanokulu.org\/cr\/wp-content\/uploads\/2018\/06\/zumra-sude-alemdar-800x1024.jpg 800w, https:\/\/cizgiromanokulu.org\/cr\/wp-content\/uploads\/2018\/06\/zumra-sude-alemdar-624x799.jpg 624w, https:\/\/cizgiromanokulu.org\/cr\/wp-content\/uploads\/2018\/06\/zumra-sude-alemdar-scaled.jpg 2000w\" sizes=\"auto, (max-width: 234px) 100vw, 234px\" \/><\/a><a href=\"https:\/\/cizgiromanokulu.org\/cr\/wp-content\/uploads\/2018\/06\/akin-arslan.jpg\"><img loading=\"lazy\" decoding=\"async\" class=\"alignnone size-medium wp-image-3113\" src=\"https:\/\/cizgiromanokulu.org\/cr\/wp-content\/uploads\/2018\/06\/akin-arslan-278x300.jpg\" alt=\"\" width=\"278\" height=\"300\" srcset=\"https:\/\/cizgiromanokulu.org\/cr\/wp-content\/uploads\/2018\/06\/akin-arslan-278x300.jpg 278w, https:\/\/cizgiromanokulu.org\/cr\/wp-content\/uploads\/2018\/06\/akin-arslan-600x647.jpg 600w, https:\/\/cizgiromanokulu.org\/cr\/wp-content\/uploads\/2018\/06\/akin-arslan-768x829.jpg 768w, https:\/\/cizgiromanokulu.org\/cr\/wp-content\/uploads\/2018\/06\/akin-arslan-949x1024.jpg 949w, https:\/\/cizgiromanokulu.org\/cr\/wp-content\/uploads\/2018\/06\/akin-arslan-624x673.jpg 624w\" sizes=\"auto, (max-width: 278px) 100vw, 278px\" \/><\/a> <a href=\"https:\/\/cizgiromanokulu.org\/cr\/wp-content\/uploads\/2018\/06\/beyza-.jpg\"><img loading=\"lazy\" decoding=\"async\" class=\"alignnone size-medium wp-image-3114\" src=\"https:\/\/cizgiromanokulu.org\/cr\/wp-content\/uploads\/2018\/06\/beyza--218x300.jpg\" alt=\"\" width=\"218\" height=\"300\" srcset=\"https:\/\/cizgiromanokulu.org\/cr\/wp-content\/uploads\/2018\/06\/beyza--218x300.jpg 218w, https:\/\/cizgiromanokulu.org\/cr\/wp-content\/uploads\/2018\/06\/beyza--600x824.jpg 600w, https:\/\/cizgiromanokulu.org\/cr\/wp-content\/uploads\/2018\/06\/beyza--768x1055.jpg 768w, https:\/\/cizgiromanokulu.org\/cr\/wp-content\/uploads\/2018\/06\/beyza--745x1024.jpg 745w, https:\/\/cizgiromanokulu.org\/cr\/wp-content\/uploads\/2018\/06\/beyza--624x857.jpg 624w, https:\/\/cizgiromanokulu.org\/cr\/wp-content\/uploads\/2018\/06\/beyza--scaled.jpg 1863w\" sizes=\"auto, (max-width: 218px) 100vw, 218px\" \/> <\/a><a href=\"https:\/\/cizgiromanokulu.org\/cr\/wp-content\/uploads\/2018\/06\/emine-nisanur-gok.jpg\"><img loading=\"lazy\" decoding=\"async\" class=\"alignnone size-medium wp-image-3115\" src=\"https:\/\/cizgiromanokulu.org\/cr\/wp-content\/uploads\/2018\/06\/emine-nisanur-gok-241x300.jpg\" alt=\"\" width=\"241\" height=\"300\" srcset=\"https:\/\/cizgiromanokulu.org\/cr\/wp-content\/uploads\/2018\/06\/emine-nisanur-gok-241x300.jpg 241w, https:\/\/cizgiromanokulu.org\/cr\/wp-content\/uploads\/2018\/06\/emine-nisanur-gok-600x746.jpg 600w, https:\/\/cizgiromanokulu.org\/cr\/wp-content\/uploads\/2018\/06\/emine-nisanur-gok-768x955.jpg 768w, https:\/\/cizgiromanokulu.org\/cr\/wp-content\/uploads\/2018\/06\/emine-nisanur-gok-823x1024.jpg 823w, https:\/\/cizgiromanokulu.org\/cr\/wp-content\/uploads\/2018\/06\/emine-nisanur-gok-624x776.jpg 624w\" sizes=\"auto, (max-width: 241px) 100vw, 241px\" \/> <\/a><a href=\"https:\/\/cizgiromanokulu.org\/cr\/wp-content\/uploads\/2018\/06\/enes-samet-demiroglu.jpg\"><img loading=\"lazy\" decoding=\"async\" class=\"alignnone size-medium wp-image-3116\" src=\"https:\/\/cizgiromanokulu.org\/cr\/wp-content\/uploads\/2018\/06\/enes-samet-demiroglu-229x300.jpg\" alt=\"\" width=\"229\" height=\"300\" srcset=\"https:\/\/cizgiromanokulu.org\/cr\/wp-content\/uploads\/2018\/06\/enes-samet-demiroglu-229x300.jpg 229w, https:\/\/cizgiromanokulu.org\/cr\/wp-content\/uploads\/2018\/06\/enes-samet-demiroglu-600x787.jpg 600w, https:\/\/cizgiromanokulu.org\/cr\/wp-content\/uploads\/2018\/06\/enes-samet-demiroglu-768x1007.jpg 768w, https:\/\/cizgiromanokulu.org\/cr\/wp-content\/uploads\/2018\/06\/enes-samet-demiroglu-781x1024.jpg 781w, https:\/\/cizgiromanokulu.org\/cr\/wp-content\/uploads\/2018\/06\/enes-samet-demiroglu-624x818.jpg 624w, https:\/\/cizgiromanokulu.org\/cr\/wp-content\/uploads\/2018\/06\/enes-samet-demiroglu-scaled.jpg 1953w\" sizes=\"auto, (max-width: 229px) 100vw, 229px\" \/><\/a><a href=\"https:\/\/cizgiromanokulu.org\/cr\/wp-content\/uploads\/2018\/06\/isim-1.jpg\"><img loading=\"lazy\" decoding=\"async\" class=\"alignnone size-medium wp-image-3117\" src=\"https:\/\/cizgiromanokulu.org\/cr\/wp-content\/uploads\/2018\/06\/isim-1-227x300.jpg\" alt=\"\" width=\"227\" height=\"300\" srcset=\"https:\/\/cizgiromanokulu.org\/cr\/wp-content\/uploads\/2018\/06\/isim-1-227x300.jpg 227w, https:\/\/cizgiromanokulu.org\/cr\/wp-content\/uploads\/2018\/06\/isim-1-600x792.jpg 600w, https:\/\/cizgiromanokulu.org\/cr\/wp-content\/uploads\/2018\/06\/isim-1-768x1014.jpg 768w, https:\/\/cizgiromanokulu.org\/cr\/wp-content\/uploads\/2018\/06\/isim-1-775x1024.jpg 775w, https:\/\/cizgiromanokulu.org\/cr\/wp-content\/uploads\/2018\/06\/isim-1-624x824.jpg 624w, https:\/\/cizgiromanokulu.org\/cr\/wp-content\/uploads\/2018\/06\/isim-1-scaled.jpg 1939w\" sizes=\"auto, (max-width: 227px) 100vw, 227px\" \/><\/a><a href=\"https:\/\/cizgiromanokulu.org\/cr\/wp-content\/uploads\/2018\/06\/kadir-ciftci.jpg\"> <img loading=\"lazy\" decoding=\"async\" class=\"alignnone size-medium wp-image-3118\" src=\"https:\/\/cizgiromanokulu.org\/cr\/wp-content\/uploads\/2018\/06\/kadir-ciftci-300x286.jpg\" alt=\"\" width=\"300\" height=\"286\" srcset=\"https:\/\/cizgiromanokulu.org\/cr\/wp-content\/uploads\/2018\/06\/kadir-ciftci-300x286.jpg 300w, https:\/\/cizgiromanokulu.org\/cr\/wp-content\/uploads\/2018\/06\/kadir-ciftci-600x572.jpg 600w, https:\/\/cizgiromanokulu.org\/cr\/wp-content\/uploads\/2018\/06\/kadir-ciftci-768x732.jpg 768w, https:\/\/cizgiromanokulu.org\/cr\/wp-content\/uploads\/2018\/06\/kadir-ciftci-1024x976.jpg 1024w, https:\/\/cizgiromanokulu.org\/cr\/wp-content\/uploads\/2018\/06\/kadir-ciftci-624x595.jpg 624w\" sizes=\"auto, (max-width: 300px) 100vw, 300px\" \/><\/a> <a href=\"https:\/\/cizgiromanokulu.org\/cr\/wp-content\/uploads\/2018\/06\/kubra-ceylan.jpg\"><img loading=\"lazy\" decoding=\"async\" class=\"alignnone size-medium wp-image-3119\" src=\"https:\/\/cizgiromanokulu.org\/cr\/wp-content\/uploads\/2018\/06\/kubra-ceylan-207x300.jpg\" alt=\"\" width=\"207\" height=\"300\" srcset=\"https:\/\/cizgiromanokulu.org\/cr\/wp-content\/uploads\/2018\/06\/kubra-ceylan-207x300.jpg 207w, https:\/\/cizgiromanokulu.org\/cr\/wp-content\/uploads\/2018\/06\/kubra-ceylan-600x870.jpg 600w, https:\/\/cizgiromanokulu.org\/cr\/wp-content\/uploads\/2018\/06\/kubra-ceylan-768x1113.jpg 768w, https:\/\/cizgiromanokulu.org\/cr\/wp-content\/uploads\/2018\/06\/kubra-ceylan-707x1024.jpg 707w, https:\/\/cizgiromanokulu.org\/cr\/wp-content\/uploads\/2018\/06\/kubra-ceylan-624x904.jpg 624w, https:\/\/cizgiromanokulu.org\/cr\/wp-content\/uploads\/2018\/06\/kubra-ceylan-scaled.jpg 1766w\" sizes=\"auto, (max-width: 207px) 100vw, 207px\" \/> <\/a><a href=\"https:\/\/cizgiromanokulu.org\/cr\/wp-content\/uploads\/2018\/06\/muhammet-ali-akkaya.jpg\"><img loading=\"lazy\" decoding=\"async\" class=\"alignnone size-medium wp-image-3120\" src=\"https:\/\/cizgiromanokulu.org\/cr\/wp-content\/uploads\/2018\/06\/muhammet-ali-akkaya-257x300.jpg\" alt=\"\" width=\"257\" height=\"300\" srcset=\"https:\/\/cizgiromanokulu.org\/cr\/wp-content\/uploads\/2018\/06\/muhammet-ali-akkaya-257x300.jpg 257w, https:\/\/cizgiromanokulu.org\/cr\/wp-content\/uploads\/2018\/06\/muhammet-ali-akkaya-600x699.jpg 600w, https:\/\/cizgiromanokulu.org\/cr\/wp-content\/uploads\/2018\/06\/muhammet-ali-akkaya-768x895.jpg 768w, https:\/\/cizgiromanokulu.org\/cr\/wp-content\/uploads\/2018\/06\/muhammet-ali-akkaya-879x1024.jpg 879w, https:\/\/cizgiromanokulu.org\/cr\/wp-content\/uploads\/2018\/06\/muhammet-ali-akkaya-624x727.jpg 624w\" sizes=\"auto, (max-width: 257px) 100vw, 257px\" \/><\/a><a href=\"https:\/\/cizgiromanokulu.org\/cr\/wp-content\/uploads\/2018\/06\/yeni-.jpg\"><img loading=\"lazy\" decoding=\"async\" class=\"alignnone size-medium wp-image-3121\" src=\"https:\/\/cizgiromanokulu.org\/cr\/wp-content\/uploads\/2018\/06\/yeni--250x300.jpg\" alt=\"\" width=\"250\" height=\"300\" srcset=\"https:\/\/cizgiromanokulu.org\/cr\/wp-content\/uploads\/2018\/06\/yeni--250x300.jpg 250w, https:\/\/cizgiromanokulu.org\/cr\/wp-content\/uploads\/2018\/06\/yeni--600x721.jpg 600w, https:\/\/cizgiromanokulu.org\/cr\/wp-content\/uploads\/2018\/06\/yeni--768x923.jpg 768w, https:\/\/cizgiromanokulu.org\/cr\/wp-content\/uploads\/2018\/06\/yeni--852x1024.jpg 852w, https:\/\/cizgiromanokulu.org\/cr\/wp-content\/uploads\/2018\/06\/yeni--624x750.jpg 624w\" sizes=\"auto, (max-width: 250px) 100vw, 250px\" \/><\/a>[\/vc_column_text][\/vc_column][\/vc_row]<\/p><\/div>","protected":false},"excerpt":{"rendered":"<p>Ahmet ve Emir G\u00fcven\u00e7 \u00c7izgi roman okuluna iyi ki ba\u015flam\u0131\u015f\u0131z. Bize \u00e7ok \u015fey katt\u0131. \u0130n\u015fallah devam eder okulumuz. Hocalar\u0131m\u0131zla te\u015fekk\u00fcr ederiz. Severek gidiyoruz. Karde\u015fim ve ben sayg\u0131lar\u0131m\u0131z\u0131 sunar\u0131z. [vc_empty_space][vc_separator][vc_empty_space][vc_column_text]\u015eeref Kurtar\u0131c\u0131 T\u00fcrkiye&#8217;nin ilk ve tek \u00c7izgi Roman Okulunun ilk sergisi iyi bir mekanda ve olduk\u00e7a y\u00fcksek bir kat\u0131l\u0131m ile ger\u00e7ekle\u015fti. P\u0131r\u0131l p\u0131r\u0131l \u00e7ocuklar\u0131m\u0131z\u0131n \u00fcrettiklerine bak\u0131nca duygulanmamak [&hellip;]<\/p>\n","protected":false},"author":1,"featured_media":0,"parent":0,"menu_order":0,"comment_status":"closed","ping_status":"closed","template":"","meta":{"footnotes":""},"class_list":["post-2789","page","type-page","status-publish","hentry"],"_links":{"self":[{"href":"https:\/\/cizgiromanokulu.org\/cr\/wp-json\/wp\/v2\/pages\/2789","targetHints":{"allow":["GET"]}}],"collection":[{"href":"https:\/\/cizgiromanokulu.org\/cr\/wp-json\/wp\/v2\/pages"}],"about":[{"href":"https:\/\/cizgiromanokulu.org\/cr\/wp-json\/wp\/v2\/types\/page"}],"author":[{"embeddable":true,"href":"https:\/\/cizgiromanokulu.org\/cr\/wp-json\/wp\/v2\/users\/1"}],"replies":[{"embeddable":true,"href":"https:\/\/cizgiromanokulu.org\/cr\/wp-json\/wp\/v2\/comments?post=2789"}],"version-history":[{"count":18,"href":"https:\/\/cizgiromanokulu.org\/cr\/wp-json\/wp\/v2\/pages\/2789\/revisions"}],"predecessor-version":[{"id":7427,"href":"https:\/\/cizgiromanokulu.org\/cr\/wp-json\/wp\/v2\/pages\/2789\/revisions\/7427"}],"wp:attachment":[{"href":"https:\/\/cizgiromanokulu.org\/cr\/wp-json\/wp\/v2\/media?parent=2789"}],"curies":[{"name":"wp","href":"https:\/\/api.w.org\/{rel}","templated":true}]}}